{"id":2673,"date":"2019-06-30T10:45:46","date_gmt":"2019-06-30T10:45:46","guid":{"rendered":"https:\/\/transformativecities.org\/?page_id=2673"},"modified":"2020-11-29T08:27:05","modified_gmt":"2020-11-29T07:27:05","slug":"atlas-05","status":"publish","type":"avada_portfolio","link":"https:\/\/transformativecities.org\/es\/atlas\/atlas-05\/","title":{"rendered":"Mobilization against Water Privatisation Privatisation"},"content":{"rendered":"<div class=\"fusion-fullwidth fullwidth-box fusion-builder-row-1 fusion-flex-container nonhundred-percent-fullwidth non-hundred-percent-height-scrolling\" style=\"--awb-border-radius-top-left:0px;--awb-border-radius-top-right:0px;--awb-border-radius-bottom-right:0px;--awb-border-radius-bottom-left:0px;--awb-flex-wrap:wrap;\" ><div class=\"fusion-builder-row fusion-row fusion-flex-align-items-flex-start fusion-flex-content-wrap\" style=\"max-width:1248px;margin-left: calc(-4% \/ 2 );margin-right: calc(-4% \/ 2 );\"><div class=\"fusion-layout-column fusion_builder_column fusion-builder-column-0 fusion_builder_column_1_1 1_1 fusion-flex-column\" style=\"--awb-bg-size:cover;--awb-width-large:100%;--awb-margin-top-large:0px;--awb-spacing-right-large:1.92%;--awb-margin-bottom-large:0px;--awb-spacing-left-large:1.92%;--awb-width-medium:100%;--awb-spacing-right-medium:1.92%;--awb-spacing-left-medium:1.92%;--awb-width-small:100%;--awb-spacing-right-small:1.92%;--awb-spacing-left-small:1.92%;\"><div class=\"fusion-column-wrapper fusion-flex-justify-content-flex-start fusion-content-layout-column\"><div class=\"fusion-text fusion-text-1\"><h3>Desde 2014, la campa\u00f1a \u2018Nuestra agua, nuestros derechos\u2019 (en ingl\u00e9s \u2018Our Water Our Rights Campaign\u2019) ha logrado movilizar a la sociedad civil, a entidades sindicales y a grupos de base para oponer resistencia a la pol\u00edtica de privatizaci\u00f3n del agua en Lagos y ha ampliado el compromiso de la ciudadan\u00eda de cara a la b\u00fasqueda de soluciones a la crisis del agua que sufre la ciudad. Contra viento y marea, tambi\u00e9n ha conseguido incrementar el gasto p\u00fablico destinado a infraestructuras de agua y saneamiento en la capital.<\/h3>\n<p>Cuando el grupo ERA supo que el gobierno del estado de Lagos estaba negociando en secreto establecer una alianza p\u00fablico-privada que se encargar\u00eda del suministro del agua \u2014en una ciudad ya de por s\u00ed muy desprovista de estos servicios\u2014, decidi\u00f3 poner en marcha su propio proceso de investigaci\u00f3n, y trabaj\u00f3 con un amplio abanico de organizaciones nacionales e internacionales para movilizar a la ciudadan\u00eda de la capital. Para ello, no solo se dieron a conocer a la opini\u00f3n p\u00fablica los planes del gobierno para privatizar los servicios de agua, sino que tambi\u00e9n se la form\u00f3 para que tomara conciencia sobre lo que implicar\u00eda esta medida.<\/p>\n<p><img decoding=\"async\" class=\"alignnone size-large wp-image-2752\" src=\"https:\/\/transformativecities.org\/wp-content\/uploads\/2019\/06\/Rally-against-PPP-in-2016-1024x683.jpg\" alt=\"\" width=\"1024\" height=\"683\" srcset=\"https:\/\/transformativecities.org\/wp-content\/uploads\/2019\/06\/Rally-against-PPP-in-2016-300x200.jpg 300w, https:\/\/transformativecities.org\/wp-content\/uploads\/2019\/06\/Rally-against-PPP-in-2016-768x512.jpg 768w, https:\/\/transformativecities.org\/wp-content\/uploads\/2019\/06\/Rally-against-PPP-in-2016-1024x683.jpg 1024w, https:\/\/transformativecities.org\/wp-content\/uploads\/2019\/06\/Rally-against-PPP-in-2016.jpg 1620w\" sizes=\"(max-width: 1024px) 100vw, 1024px\" \/><\/p>\n<p>La campa\u00f1a tuvo en su punto de mira a la empresa Visionscape Sanitation Solutions, que contaba con el \u00fanico contrato para la gesti\u00f3n de residuos en Lagos y tambi\u00e9n formaba parte de una alianza p\u00fablico-privada en el sector del agua. La gente public\u00f3 fotos en las redes sociales para mostrar lo sucias que estaban las calles desde que Visionscape se hab\u00eda hecho cargo de la gesti\u00f3n de los residuos en Lagos. A ra\u00edz de la campa\u00f1a, se rescindi\u00f3 el contrato de residuos de la empresa y el gobierno volvi\u00f3 a asumir el control de la gesti\u00f3n de los residuos.<\/p>\n<p>La campa\u00f1a tambi\u00e9n ha cosechado m\u00e1s \u00e9xitos estructurales, como lograr que se anule el contrato del Gobierno central con el Banco Mundial como asesor del programa de privatizaci\u00f3n; presionar al gobierno para que reserve 185 millones de d\u00f3lares en su presupuesto para el acceso al agua potable; y reunir a muchas organizaciones, movimientos sociales y comunidades de Lagos bajo un \u00fanico lema. Aunque los planes de privatizaci\u00f3n no han desparecido de la agenda del gobierno, nuestra campa\u00f1a se mantendr\u00e1 hasta que se alcance el objetivo de que el agua se consagre en la Constituci\u00f3n como un derecho humano.<\/p>\n<blockquote>\n<p>\u201cLa campa\u00f1a \u2018Nuestra agua, nuestros derechos\u2019 y la coalici\u00f3n que, de momento, ha conseguido frenar la privatizaci\u00f3n del agua en Lagos me record\u00f3 nuestras propias movilizaciones y luchas en Cochabamba (Bolivia) en 2000. Con una campa\u00f1a que presenta un fuerte elemento organizativo, las personas de Lagos nos est\u00e1n dando una gran lecci\u00f3n y nos demuestran que no hay nada imposible.\u201d<br \/>\n\u2013 Marcela Olivera<\/p>\n<\/blockquote>\n<p style=\"text-align: center;\" class=\"translation-block\">Would you like to learn more about this initiative? Please&nbsp;<a href=\"mailto:transformativecities@tni.org\" target=\"_self\">contact<\/a>&nbsp;us.<\/p>\n<p style=\"text-align: center;\">O visita\u00a0<a href=\"http:\/\/erafoen.org\/\" rel=\"noopener\">erafoen.org<\/a><\/p>\n<\/div><\/div><\/div><\/div><\/div>","protected":false},"excerpt":{"rendered":"<div class=\"intro-bg atlas-thumb\" style=\"background-image:url([featured]);\">\n<a href=\"[permalink]\"><\/p>\n<h2>[acf field=\"title\"]<\/h2>\n<h4>[acf field=\"city\"]<\/h4>\n<div class=\"category-bar\">\n<div class=\"atlas-category\">[acf field=\"category\"]<\/div>\n<div class=\"atlas-region\">[acf field=\"region\"]<\/div>\n<\/div>\n<p><\/a>\n<\/div>\n","protected":false},"author":6,"featured_media":2751,"menu_order":29,"comment_status":"closed","ping_status":"closed","template":"","format":"standard","meta":{"_acf_changed":false,"wp_mapbox_gl_js_media":[],"_monsterinsights_skip_tracking":false,"_monsterinsights_sitenote_active":false,"_monsterinsights_sitenote_note":"","_monsterinsights_sitenote_category":0,"footnotes":""},"portfolio_category":[29,42,56],"portfolio_skills":[],"portfolio_tags":[],"class_list":["post-2673","avada_portfolio","type-avada_portfolio","status-publish","format-standard","has-post-thumbnail","hentry","portfolio_category-29","portfolio_category-africa","portfolio_category-water"],"acf":[],"yoast_head":"<!-- This site is optimized with the Yoast SEO plugin v27.4 - https:\/\/yoast.com\/product\/yoast-seo-wordpress\/ -->\n<title>Mobilization against Water Privatisation Privatisation - Transformative Cities<\/title>\n<meta name=\"robots\" content=\"index, follow, max-snippet:-1, max-image-preview:large, max-video-preview:-1\" \/>\n<link rel=\"canonical\" href=\"https:\/\/transformativecities.org\/es\/atlas\/atlas-05\/\" \/>\n<meta property=\"og:locale\" content=\"es_ES\" \/>\n<meta property=\"og:type\" content=\"article\" \/>\n<meta property=\"og:title\" content=\"Atlas of Utopias: Mobilization against Water Privatisation Privatisation\" \/>\n<meta property=\"og:url\" content=\"https:\/\/transformativecities.org\/es\/atlas\/atlas-05\/\" \/>\n<meta property=\"og:site_name\" content=\"Transformative Cities\" \/>\n<meta property=\"article:modified_time\" content=\"2020-11-29T07:27:05+00:00\" \/>\n<meta property=\"og:image\" content=\"https:\/\/transformativecities.org\/wp-content\/uploads\/2019\/06\/Funmi-Ajayi-leading-at-the-WWD-2015-Rally-in-Ikeja.jpg\" \/>\n\t<meta property=\"og:image:width\" content=\"1620\" \/>\n\t<meta property=\"og:image:height\" content=\"1080\" \/>\n\t<meta property=\"og:image:type\" content=\"image\/jpeg\" \/>\n<meta name=\"twitter:card\" content=\"summary_large_image\" \/>\n<meta name=\"twitter:title\" content=\"Atlas of Utopias: Mobilization against Water Privatisation Privatisation\" \/>\n<meta name=\"twitter:image\" content=\"https:\/\/transformativecities.org\/wp-content\/uploads\/2019\/06\/Funmi-Ajayi-leading-at-the-WWD-2015-Rally-in-Ikeja.jpg\" \/>\n<meta name=\"twitter:label1\" content=\"Est. reading time\" \/>\n\t<meta name=\"twitter:data1\" content=\"3 minutes\" \/>\n<script type=\"application\/ld+json\" class=\"yoast-schema-graph\">{\"@context\":\"https:\\\/\\\/schema.org\",\"@graph\":[{\"@type\":\"WebPage\",\"@id\":\"https:\\\/\\\/transformativecities.org\\\/es\\\/atlas\\\/atlas-05\\\/\",\"url\":\"https:\\\/\\\/transformativecities.org\\\/es\\\/atlas\\\/atlas-05\\\/\",\"name\":\"Mobilization against Water Privatisation Privatisation - Transformative Cities\",\"isPartOf\":{\"@id\":\"https:\\\/\\\/transformativecities.org\\\/#website\"},\"primaryImageOfPage\":{\"@id\":\"https:\\\/\\\/transformativecities.org\\\/es\\\/atlas\\\/atlas-05\\\/#primaryimage\"},\"image\":{\"@id\":\"https:\\\/\\\/transformativecities.org\\\/es\\\/atlas\\\/atlas-05\\\/#primaryimage\"},\"thumbnailUrl\":\"https:\\\/\\\/transformativecities.org\\\/wp-content\\\/uploads\\\/2019\\\/06\\\/Funmi-Ajayi-leading-at-the-WWD-2015-Rally-in-Ikeja.jpg\",\"datePublished\":\"2019-06-30T10:45:46+00:00\",\"dateModified\":\"2020-11-29T07:27:05+00:00\",\"breadcrumb\":{\"@id\":\"https:\\\/\\\/transformativecities.org\\\/es\\\/atlas\\\/atlas-05\\\/#breadcrumb\"},\"inLanguage\":\"es-ES\",\"potentialAction\":[{\"@type\":\"ReadAction\",\"target\":[\"https:\\\/\\\/transformativecities.org\\\/es\\\/atlas\\\/atlas-05\\\/\"]}]},{\"@type\":\"ImageObject\",\"inLanguage\":\"es-ES\",\"@id\":\"https:\\\/\\\/transformativecities.org\\\/es\\\/atlas\\\/atlas-05\\\/#primaryimage\",\"url\":\"https:\\\/\\\/transformativecities.org\\\/wp-content\\\/uploads\\\/2019\\\/06\\\/Funmi-Ajayi-leading-at-the-WWD-2015-Rally-in-Ikeja.jpg\",\"contentUrl\":\"https:\\\/\\\/transformativecities.org\\\/wp-content\\\/uploads\\\/2019\\\/06\\\/Funmi-Ajayi-leading-at-the-WWD-2015-Rally-in-Ikeja.jpg\",\"width\":1620,\"height\":1080},{\"@type\":\"BreadcrumbList\",\"@id\":\"https:\\\/\\\/transformativecities.org\\\/es\\\/atlas\\\/atlas-05\\\/#breadcrumb\",\"itemListElement\":[{\"@type\":\"ListItem\",\"position\":1,\"name\":\"Home\",\"item\":\"https:\\\/\\\/transformativecities.org\\\/\"},{\"@type\":\"ListItem\",\"position\":2,\"name\":\"Portfolio\",\"item\":\"https:\\\/\\\/transformativecities.org\\\/atlas\\\/\"},{\"@type\":\"ListItem\",\"position\":3,\"name\":\"2019 Peoples&#8217; Choice Award\",\"item\":\"https:\\\/\\\/transformativecities.org\\\/es\\\/premio2019\\\/\"},{\"@type\":\"ListItem\",\"position\":4,\"name\":\"2019 Peoples&#8217; Choice Award Participants\",\"item\":\"https:\\\/\\\/transformativecities.org\\\/es\\\/premio2019\\\/participantes2019\\\/\"},{\"@type\":\"ListItem\",\"position\":5,\"name\":\"Mobilization against Water Privatisation Privatisation\"}]},{\"@type\":\"WebSite\",\"@id\":\"https:\\\/\\\/transformativecities.org\\\/#website\",\"url\":\"https:\\\/\\\/transformativecities.org\\\/\",\"name\":\"Transformative Cities\",\"description\":\"Another world is possible\",\"potentialAction\":[{\"@type\":\"SearchAction\",\"target\":{\"@type\":\"EntryPoint\",\"urlTemplate\":\"https:\\\/\\\/transformativecities.org\\\/?s={search_term_string}\"},\"query-input\":{\"@type\":\"PropertyValueSpecification\",\"valueRequired\":true,\"valueName\":\"search_term_string\"}}],\"inLanguage\":\"es-ES\"}]}<\/script>\n<!-- \/ Yoast SEO plugin. -->","yoast_head_json":{"title":"Mobilization against Water Privatisation Privatisation - Transformative Cities","robots":{"index":"index","follow":"follow","max-snippet":"max-snippet:-1","max-image-preview":"max-image-preview:large","max-video-preview":"max-video-preview:-1"},"canonical":"https:\/\/transformativecities.org\/es\/atlas\/atlas-05\/","og_locale":"es_ES","og_type":"article","og_title":"Atlas of Utopias: Mobilization against Water Privatisation Privatisation","og_url":"https:\/\/transformativecities.org\/es\/atlas\/atlas-05\/","og_site_name":"Transformative Cities","article_modified_time":"2020-11-29T07:27:05+00:00","og_image":[{"width":1620,"height":1080,"url":"https:\/\/transformativecities.org\/wp-content\/uploads\/2019\/06\/Funmi-Ajayi-leading-at-the-WWD-2015-Rally-in-Ikeja.jpg","type":"image\/jpeg"}],"twitter_card":"summary_large_image","twitter_title":"Atlas of Utopias: Mobilization against Water Privatisation Privatisation","twitter_image":"https:\/\/transformativecities.org\/wp-content\/uploads\/2019\/06\/Funmi-Ajayi-leading-at-the-WWD-2015-Rally-in-Ikeja.jpg","twitter_misc":{"Est. reading time":"3 minutes"},"schema":{"@context":"https:\/\/schema.org","@graph":[{"@type":"WebPage","@id":"https:\/\/transformativecities.org\/es\/atlas\/atlas-05\/","url":"https:\/\/transformativecities.org\/es\/atlas\/atlas-05\/","name":"Mobilization against Water Privatisation Privatisation - Transformative Cities","isPartOf":{"@id":"https:\/\/transformativecities.org\/#website"},"primaryImageOfPage":{"@id":"https:\/\/transformativecities.org\/es\/atlas\/atlas-05\/#primaryimage"},"image":{"@id":"https:\/\/transformativecities.org\/es\/atlas\/atlas-05\/#primaryimage"},"thumbnailUrl":"https:\/\/transformativecities.org\/wp-content\/uploads\/2019\/06\/Funmi-Ajayi-leading-at-the-WWD-2015-Rally-in-Ikeja.jpg","datePublished":"2019-06-30T10:45:46+00:00","dateModified":"2020-11-29T07:27:05+00:00","breadcrumb":{"@id":"https:\/\/transformativecities.org\/es\/atlas\/atlas-05\/#breadcrumb"},"inLanguage":"es-ES","potentialAction":[{"@type":"ReadAction","target":["https:\/\/transformativecities.org\/es\/atlas\/atlas-05\/"]}]},{"@type":"ImageObject","inLanguage":"es-ES","@id":"https:\/\/transformativecities.org\/es\/atlas\/atlas-05\/#primaryimage","url":"https:\/\/transformativecities.org\/wp-content\/uploads\/2019\/06\/Funmi-Ajayi-leading-at-the-WWD-2015-Rally-in-Ikeja.jpg","contentUrl":"https:\/\/transformativecities.org\/wp-content\/uploads\/2019\/06\/Funmi-Ajayi-leading-at-the-WWD-2015-Rally-in-Ikeja.jpg","width":1620,"height":1080},{"@type":"BreadcrumbList","@id":"https:\/\/transformativecities.org\/es\/atlas\/atlas-05\/#breadcrumb","itemListElement":[{"@type":"ListItem","position":1,"name":"Home","item":"https:\/\/transformativecities.org\/"},{"@type":"ListItem","position":2,"name":"Portfolio","item":"https:\/\/transformativecities.org\/atlas\/"},{"@type":"ListItem","position":3,"name":"2019 Peoples&#8217; Choice Award","item":"https:\/\/transformativecities.org\/es\/premio2019\/"},{"@type":"ListItem","position":4,"name":"2019 Peoples&#8217; Choice Award Participants","item":"https:\/\/transformativecities.org\/es\/premio2019\/participantes2019\/"},{"@type":"ListItem","position":5,"name":"Mobilization against Water Privatisation Privatisation"}]},{"@type":"WebSite","@id":"https:\/\/transformativecities.org\/#website","url":"https:\/\/transformativecities.org\/","name":"Ciudades Transformadoras","description":"Another world is possible","potentialAction":[{"@type":"SearchAction","target":{"@type":"EntryPoint","urlTemplate":"https:\/\/transformativecities.org\/?s={search_term_string}"},"query-input":{"@type":"PropertyValueSpecification","valueRequired":true,"valueName":"search_term_string"}}],"inLanguage":"es-ES"}]}},"_links":{"self":[{"href":"https:\/\/transformativecities.org\/es\/wp-json\/wp\/v2\/avada_portfolio\/2673","targetHints":{"allow":["GET"]}}],"collection":[{"href":"https:\/\/transformativecities.org\/es\/wp-json\/wp\/v2\/avada_portfolio"}],"about":[{"href":"https:\/\/transformativecities.org\/es\/wp-json\/wp\/v2\/types\/avada_portfolio"}],"author":[{"embeddable":true,"href":"https:\/\/transformativecities.org\/es\/wp-json\/wp\/v2\/users\/6"}],"replies":[{"embeddable":true,"href":"https:\/\/transformativecities.org\/es\/wp-json\/wp\/v2\/comments?post=2673"}],"version-history":[{"count":10,"href":"https:\/\/transformativecities.org\/es\/wp-json\/wp\/v2\/avada_portfolio\/2673\/revisions"}],"predecessor-version":[{"id":5820,"href":"https:\/\/transformativecities.org\/es\/wp-json\/wp\/v2\/avada_portfolio\/2673\/revisions\/5820"}],"wp:featuredmedia":[{"embeddable":true,"href":"https:\/\/transformativecities.org\/es\/wp-json\/wp\/v2\/media\/2751"}],"wp:attachment":[{"href":"https:\/\/transformativecities.org\/es\/wp-json\/wp\/v2\/media?parent=2673"}],"wp:term":[{"taxonomy":"portfolio_category","embeddable":true,"href":"https:\/\/transformativecities.org\/es\/wp-json\/wp\/v2\/portfolio_category?post=2673"},{"taxonomy":"portfolio_skills","embeddable":true,"href":"https:\/\/transformativecities.org\/es\/wp-json\/wp\/v2\/portfolio_skills?post=2673"},{"taxonomy":"portfolio_tags","embeddable":true,"href":"https:\/\/transformativecities.org\/es\/wp-json\/wp\/v2\/portfolio_tags?post=2673"}],"curies":[{"name":"wp","href":"https:\/\/api.w.org\/{rel}","templated":true}]}}