{"id":2744,"date":"2019-06-19T13:55:25","date_gmt":"2019-06-19T13:55:25","guid":{"rendered":"https:\/\/transformativecities.org\/?page_id=2744"},"modified":"2020-12-01T03:38:44","modified_gmt":"2020-12-01T02:38:44","slug":"evaluators-team","status":"publish","type":"page","link":"https:\/\/transformativecities.org\/fr\/prixdupublic2019\/evaluateurs\/","title":{"rendered":"\u00c9quipe d'\u00e9valuateurs 2019"},"content":{"rendered":"<p><div class=\"fusion-fullwidth fullwidth-box fusion-builder-row-1 fusion-flex-container nonhundred-percent-fullwidth non-hundred-percent-height-scrolling\" style=\"--awb-border-radius-top-left:0px;--awb-border-radius-top-right:0px;--awb-border-radius-bottom-right:0px;--awb-border-radius-bottom-left:0px;--awb-flex-wrap:wrap;\" ><div class=\"fusion-builder-row fusion-row fusion-flex-align-items-flex-start fusion-flex-content-wrap\" style=\"max-width:1248px;margin-left: calc(-4% \/ 2 );margin-right: calc(-4% \/ 2 );\"><div class=\"fusion-layout-column fusion_builder_column fusion-builder-column-0 fusion_builder_column_1_1 1_1 fusion-flex-column\" style=\"--awb-bg-size:cover;--awb-width-large:100%;--awb-margin-top-large:0px;--awb-spacing-right-large:1.92%;--awb-margin-bottom-large:20px;--awb-spacing-left-large:1.92%;--awb-width-medium:100%;--awb-order-medium:0;--awb-spacing-right-medium:1.92%;--awb-spacing-left-medium:1.92%;--awb-width-small:100%;--awb-order-small:0;--awb-spacing-right-small:1.92%;--awb-spacing-left-small:1.92%;\"><div class=\"fusion-column-wrapper fusion-column-has-shadow fusion-flex-justify-content-flex-start fusion-content-layout-column\"><div class=\"fusion-title title fusion-title-1 sep-underline sep-solid fusion-title-center fusion-title-text fusion-title-size-one\" style=\"--awb-text-color:#ffffff;--awb-sep-color:#ffffff;--awb-font-size:40px;\"><h1 class=\"fusion-title-heading title-heading-center\" style=\"margin:0;font-size:1em;\">BIOGRAPHIE DES \u00c9VALUATEURS<\/h1><\/div><\/div><\/div><\/div><\/div><div class=\"fusion-fullwidth fullwidth-box fusion-builder-row-2 fusion-flex-container nonhundred-percent-fullwidth non-hundred-percent-height-scrolling\" style=\"--awb-border-radius-top-left:0px;--awb-border-radius-top-right:0px;--awb-border-radius-bottom-right:0px;--awb-border-radius-bottom-left:0px;--awb-flex-wrap:wrap;\" ><div class=\"fusion-builder-row fusion-row fusion-flex-align-items-flex-start fusion-flex-content-wrap\" style=\"max-width:1248px;margin-left: calc(-4% \/ 2 );margin-right: calc(-4% \/ 2 );\"><div class=\"fusion-layout-column fusion_builder_column fusion-builder-column-1 fusion_builder_column_1_2 1_2 fusion-flex-column\" style=\"--awb-bg-size:cover;--awb-width-large:50%;--awb-margin-top-large:0px;--awb-spacing-right-large:3.84%;--awb-margin-bottom-large:20px;--awb-spacing-left-large:3.84%;--awb-width-medium:50%;--awb-order-medium:0;--awb-spacing-right-medium:3.84%;--awb-spacing-left-medium:3.84%;--awb-width-small:100%;--awb-order-small:0;--awb-spacing-right-small:1.92%;--awb-spacing-left-small:1.92%;\"><div class=\"fusion-column-wrapper fusion-column-has-shadow fusion-flex-justify-content-flex-start fusion-content-layout-column\"><div class=\"fusion-text fusion-text-1 bio\"><p><img decoding=\"async\" class=\"wp-image-3423 alignleft\" src=\"https:\/\/transformativecities.org\/wp-content\/uploads\/2019\/09\/Erick-Gonzalo-Palomares-Rodr\u00edguez-.jpeg\" alt=\"\" width=\"170\" height=\"269\" \/><strong>Erick Gonzalo Palomares Rodr\u00edguez<\/strong>\u00a0il est le coordinateur du processus d'\u00e9valuation de la 2\u00e8me \u00e9dition du Prix des villes transformatrices. Il est titulaire d'un doctorat en gouvernement et administration publique de l'universit\u00e9 Complutense de Madrid et d'un master en d\u00e9veloppement, innovation et changement de l'universit\u00e9 de Bologne, en Italie. Il est actuellement chercheur invit\u00e9 au Centre d'\u00e9tudes latino-am\u00e9ricaines de l'Universit\u00e9 de Copenhague et associ\u00e9 de recherche pour le Prix des villes transformatrices et l'Atlas des utopies, Transnational Institute (TNI), Amsterdam.<\/p>\n<\/div><div class=\"fusion-text fusion-text-2 bio\"><p><img decoding=\"async\" class=\"wp-image-3476 alignleft\" src=\"https:\/\/transformativecities.org\/wp-content\/uploads\/2019\/09\/Meena-Menon-1.jpg\" alt=\"\" width=\"299\" height=\"224\" srcset=\"https:\/\/transformativecities.org\/wp-content\/uploads\/2019\/09\/Meena-Menon-1-300x225.jpg 300w, https:\/\/transformativecities.org\/wp-content\/uploads\/2019\/09\/Meena-Menon-1.jpg 480w\" sizes=\"(max-width: 299px) 100vw, 299px\" \/><strong>Meena Menon<\/strong> est un activiste, un chercheur et un \u00e9crivain. Meena a travaill\u00e9 comme organisatrice \u00e0 plein temps pour un parti de gauche pendant 20 ans. Apr\u00e8s avoir quitt\u00e9 le parti, elle a continu\u00e9 \u00e0 travailler comme organisatrice syndicale \u00e0 plein temps, pendant 25 ans. Elle a \u00e9t\u00e9 vice-pr\u00e9sidente du syndicat GKSS (Mill Workers Action Committee), \u00e0 Mumbai. Elle a \u00e9t\u00e9 coordinatrice de pays pour l'Inde au sein du groupe politique asiatique Focus on the Global South, et a bri\u00e8vement travaill\u00e9 comme consultante pour le PNUD. Elle a fait partie de l'\u00e9quipe centrale d'organisation du processus du Forum social mondial en Inde. Meena est consultante senior aupr\u00e8s d'Action Aid en Inde, dans le cadre duquel elle a aid\u00e9 \u00e0 mettre en place un groupe de politique urbaine, un r\u00e9seau pour les organisations syndicales travaillant avec le travail informel. Elle a fond\u00e9 une \u00e9cole de praticiens des politiques appel\u00e9e Urban Action School. Les domaines de travail de Meena comprennent le travail, l'urbanisation, le logement, les r\u00e9gionalismes alternatifs, la paix et la s\u00e9curit\u00e9, et les nouvelles politiques. Elle est co-auteur du livre \"Cent ans, cent voix - Les travailleurs des usines de Girangaon - Une histoire orale\". Le livre a \u00e9t\u00e9 s\u00e9lectionn\u00e9 pour deux prix nationaux et la version Marathi a remport\u00e9 deux prix d'\u00c9tat.<\/p>\n<\/div><div class=\"fusion-text fusion-text-3 bio\"><p><img decoding=\"async\" class=\"size-full wp-image-3434 alignleft\" src=\"https:\/\/transformativecities.org\/wp-content\/uploads\/2019\/09\/Vivek-Monteiro.jpg\" alt=\"\" width=\"204\" height=\"204\" srcset=\"https:\/\/transformativecities.org\/wp-content\/uploads\/2019\/09\/Vivek-Monteiro-150x150.jpg 150w, https:\/\/transformativecities.org\/wp-content\/uploads\/2019\/09\/Vivek-Monteiro.jpg 204w\" sizes=\"(max-width: 204px) 100vw, 204px\" \/><strong>Dr. Vivek Monteiro<\/strong> est membre du comit\u00e9 ex\u00e9cutif du All India People's Science Network et a travaill\u00e9 sur un certain nombre de questions li\u00e9es \u00e0 la science qui sont devenues importantes dans le programme national. Il travaille comme conseiller principal de Navnirmiti, une entreprise sociale autonome qui travaille \u00e0 l'universalisation d'une \u00e9ducation de qualit\u00e9 pour tous. Navnirmiti s'int\u00e9resse tout particuli\u00e8rement \u00e0 l'enseignement des math\u00e9matiques et des sciences. Navnirmiti innove en permanence dans le domaine des outils \u00e9ducatifs, des jouets, des puzzles, du mat\u00e9riel informatique et des logiciels. Elle travaille \u00e0 la mise en \u0153uvre du mandat de qualit\u00e9 de la loi sur le droit \u00e0 l'\u00e9ducation et du NCF 2005, qui vise une \u00e9ducation de qualit\u00e9 \"pour l'\u00e9galit\u00e9 des r\u00e9sultats\". Vivek a obtenu sa licence en physique et en math\u00e9matiques \u00e0 l'universit\u00e9 de Bombay apr\u00e8s avoir \u00e9tudi\u00e9 au Xavier's College, Bombay (1966-68) et au Dhempe College, Goa (1964-66). Il a obtenu son doctorat \u00e0 l'universit\u00e9 d'\u00c9tat de New York en 1974 et sa ma\u00eetrise en physique au California Institute of Technology (1968-70).<\/p>\n<\/div><div class=\"fusion-text fusion-text-4 bio\"><p><img decoding=\"async\" class=\"wp-image-3431 alignleft\" src=\"https:\/\/transformativecities.org\/wp-content\/uploads\/2019\/09\/Sam-Gilbert.png\" alt=\"\" width=\"180\" height=\"277\" srcset=\"https:\/\/transformativecities.org\/wp-content\/uploads\/2019\/09\/Sam-Gilbert-195x300.png 195w, https:\/\/transformativecities.org\/wp-content\/uploads\/2019\/09\/Sam-Gilbert.png 300w\" sizes=\"(max-width: 180px) 100vw, 180px\" \/><strong>Sam Cossar-Gilbert<\/strong> est le coordinateur du programme international pour la justice \u00e9conomique et la r\u00e9sistance au n\u00e9olib\u00e9ralisme de l'organisation Friends of the Earth International. Il est accueilli par les Amis de la Terre Australie. Avant de rejoindre Friends of the Earth International, Sam a travaill\u00e9 dans les mouvements de justice environnementale et sociale pendant plus de dix ans, en tant qu'organisateur syndical, formateur en m\u00e9dias citoyens et militant au sein du r\u00e9seau australien des \u00e9tudiants pour l'environnement. Il a fait partie du collectif m\u00e9diatique Take the Square, qui travaille avec les mouvements Indignados et Occupy. Plus r\u00e9cemment, Sam a fait campagne pour la justice environnementale avec les Amis de la Terre Australie, en se concentrant sur les accords commerciaux pr\u00e9judiciables. Twitter : @samcossar<\/p>\n<\/div><div class=\"fusion-text fusion-text-5 bio\"><p><img decoding=\"async\" class=\"wp-image-3432 alignleft\" src=\"https:\/\/transformativecities.org\/wp-content\/uploads\/2019\/09\/satoko_photo.jpg\" alt=\"\" width=\"209\" height=\"261\" srcset=\"https:\/\/transformativecities.org\/wp-content\/uploads\/2019\/09\/satoko_photo-240x300.jpg 240w, https:\/\/transformativecities.org\/wp-content\/uploads\/2019\/09\/satoko_photo.jpg 567w\" sizes=\"(max-width: 209px) 100vw, 209px\" \/><strong>Satoko Kishimoto<\/strong> est un chercheur militant au Transnational Institute (TNI), une ONG de recherche et de d\u00e9fense bas\u00e9e \u00e0 Amsterdam. Elle est japonaise et a \u00e9t\u00e9 active en tant qu'activiste environnementale dans le mouvement environnemental des jeunes au Japon dans les ann\u00e9es 1990. Elle a men\u00e9 des recherches conjointes sur la tendance \u00e0 la remunicipalisation dans le secteur de l'eau et d'autres services publics et a publi\u00e9 le livre Our Public Water Future : The global experience with remunicipalisation (2015) et Reclaiming Public Services : How cities and citizens are turning back privatisation (2017). En 2016, TNI a lanc\u00e9 le projet Alternatives publiques, dont elle est actuellement la coordinatrice, dans le cadre du programme Justice \u00e9conomique. Transformative cities est l'une des initiatives du projet Public Alternatives.<\/p>\n<\/div><div class=\"fusion-text fusion-text-6 bio\"><p><img decoding=\"async\" class=\"size-full wp-image-3422 alignleft\" src=\"https:\/\/transformativecities.org\/wp-content\/uploads\/2019\/09\/Eri-Trinurini.png\" alt=\"\" width=\"250\" height=\"250\" srcset=\"https:\/\/transformativecities.org\/wp-content\/uploads\/2019\/09\/Eri-Trinurini-150x150.png 150w, https:\/\/transformativecities.org\/wp-content\/uploads\/2019\/09\/Eri-Trinurini.png 250w\" sizes=\"(max-width: 250px) 100vw, 250px\" \/><strong>Eri Trinurini Adhi<\/strong> est titulaire d'une licence de l'universit\u00e9 d'agriculture de Bogor en Indon\u00e9sie et d'un doctorat en agriculture de l'universit\u00e9 Georg August en Allemagne. Elle a plus de 20 ans d'exp\u00e9rience de travail avec des agences de d\u00e9veloppement international, des ONG et des soci\u00e9t\u00e9s de conseil, ainsi que de travail avec la communaut\u00e9. Ses points forts sont le d\u00e9veloppement communautaire, la conception et la gestion de projets. Elle travaille actuellement pour la Self-Reliance Foundation (Yayasan Bina Swadaya) en Indon\u00e9sie, une entreprise sociale travaillant sur le d\u00e9veloppement communautaire et la r\u00e9duction de la pauvret\u00e9. En outre, elle est vice-coordinatrice du Conseil de l'\u00e9conomie solidaire de l'ANASE en Indon\u00e9sie.<span class=\"Apple-converted-space\">\u00a0<\/span><\/p>\n<\/div><div class=\"fusion-text fusion-text-7 bio\"><p><img decoding=\"async\" class=\"wp-image-3421 alignleft\" src=\"https:\/\/transformativecities.org\/wp-content\/uploads\/2019\/09\/david-Fig.jpg\" alt=\"\" width=\"204\" height=\"201\" srcset=\"https:\/\/transformativecities.org\/wp-content\/uploads\/2019\/09\/david-Fig-300x296.jpg 300w, https:\/\/transformativecities.org\/wp-content\/uploads\/2019\/09\/david-Fig.jpg 600w\" sizes=\"(max-width: 204px) 100vw, 204px\" \/><strong>David Fig<\/strong> est un sociologue de l'environnement, un \u00e9conomiste politique et un activiste sud-africain. Il est titulaire d'un doctorat de la London School of Economics et est sp\u00e9cialis\u00e9 dans les questions d'\u00e9nergie, d'industries extractives et de responsabilit\u00e9 des entreprises. Il pr\u00e9side le conseil d'administration de Biowatch South Africa, qui s'int\u00e9resse \u00e0 la souverainet\u00e9 alimentaire et \u00e0 l'agriculture durable, et travaille en \u00e9troite collaboration avec diverses organisations non gouvernementales de justice environnementale. De r\u00e9centes recherches sur l'industrie sucri\u00e8re sud-africaine ont contribu\u00e9 \u00e0 l'annonce d'une taxe sur les boissons sucr\u00e9es en 2017. David a r\u00e9cemment fait partie d'une \u00e9quipe internationale qui conseille le comit\u00e9 du Congr\u00e8s vietnamien sur la science et la technologie sur les co\u00fbts complets du nucl\u00e9aire. Il est membre du comit\u00e9 directeur de l'Alliance africaine pour l'uranium, qui dessert les communaut\u00e9s touch\u00e9es par l'extraction de l'uranium et le reste de la cha\u00eene du combustible nucl\u00e9aire. Parmi ses publications r\u00e9centes, citons des travaux sur les droits environnementaux, l'approvisionnement en \u00e9nergie nucl\u00e9aire, les d\u00e9chets nucl\u00e9aires, le gaz de schiste, l'affaire Biowatch contre Monsanto, l'amiante et la pauvret\u00e9\/le d\u00e9veloppement dans la r\u00e9gion de Karoo en Afrique du Sud.<\/p>\n<\/div><div class=\"fusion-text fusion-text-8 bio\"><p><img decoding=\"async\" class=\"size-full wp-image-3433 alignleft\" src=\"https:\/\/transformativecities.org\/wp-content\/uploads\/2019\/09\/Tom-Henfrey.jpg\" alt=\"\" width=\"142\" height=\"190\" \/><strong>Tom Henfrey<\/strong> est chercheur principal au Schumacher Institute for Sustainable Systems \u00e0 Bristol, au Royaume-Uni. Son travail combine la recherche et la pratique sur la fa\u00e7on dont les groupes humains autonomes s'organisent eux-m\u00eames pour la durabilit\u00e9, la justice sociale, l'\u00e9quit\u00e9 et la r\u00e9silience. Il est actif dans le domaine de la permaculture et de la transition, est directeur de plusieurs petites entreprises soutenant des actions communautaires en faveur de la r\u00e9silience et est membre \u00e9lu du conseil d'ECOLISE, le r\u00e9seau europ\u00e9en d'initiatives communautaires sur la durabilit\u00e9 et le changement climatique.<\/p>\n<\/div><\/div><\/div><div class=\"fusion-layout-column fusion_builder_column fusion-builder-column-2 fusion_builder_column_1_2 1_2 fusion-flex-column\" style=\"--awb-bg-size:cover;--awb-width-large:50%;--awb-margin-top-large:0px;--awb-spacing-right-large:3.84%;--awb-margin-bottom-large:20px;--awb-spacing-left-large:3.84%;--awb-width-medium:50%;--awb-order-medium:0;--awb-spacing-right-medium:3.84%;--awb-spacing-left-medium:3.84%;--awb-width-small:100%;--awb-order-small:0;--awb-spacing-right-small:1.92%;--awb-spacing-left-small:1.92%;\"><div class=\"fusion-column-wrapper fusion-column-has-shadow fusion-flex-justify-content-flex-start fusion-content-layout-column\"><div class=\"fusion-text fusion-text-9 bio\"><p><img decoding=\"async\" class=\"size-full wp-image-3419 alignleft\" src=\"https:\/\/transformativecities.org\/wp-content\/uploads\/2019\/09\/Alba-de-Campo.jpeg\" alt=\"\" width=\"225\" height=\"225\" srcset=\"https:\/\/transformativecities.org\/wp-content\/uploads\/2019\/09\/Alba-de-Campo-150x150.jpeg 150w, https:\/\/transformativecities.org\/wp-content\/uploads\/2019\/09\/Alba-de-Campo.jpeg 225w\" sizes=\"(max-width: 225px) 100vw, 225px\" \/><strong>Alba del Campo<\/strong> est une \u00e9cof\u00e9ministe et une militante pour la justice climatique et le droit \u00e0 l'\u00e9nergie. Elle fait partie de la coop\u00e9rative Som Energia, de la Plateforme pour un nouveau mod\u00e8le \u00e9nerg\u00e9tique et du R\u00e9seau des femmes pour une transition \u00e9nerg\u00e9tique \u00e9cof\u00e9ministe. Journaliste, conseill\u00e8re en politiques \u00e9nerg\u00e9tiques municipales et formatrice, elle travaille actuellement pour le groupe politique S\u00ed Se Puede C\u00e1diz qui si\u00e8ge au sein du gouvernement municipal de la ville de Cadix, o\u00f9 elle coordonne \u00e9galement les comit\u00e9s sur l'\u00e9nergie promus par le conseil municipal (2015-2019). Elle est titulaire d'un dipl\u00f4me en sciences de l'information (UCM) de la facult\u00e9 de sociologie et de sciences politiques de l'universit\u00e9 Complutense de Madrid. Actuellement, elle combine son activisme et son travail, avec la r\u00e9alisation de sa th\u00e8se de doctorat sur la transition \u00e9nerg\u00e9tique et le genre \u00e0 l'universit\u00e9 du Pays Basque.<\/p>\n<\/div><div class=\"fusion-text fusion-text-10 bio\"><p><img decoding=\"async\" class=\"size-full wp-image-3420 alignleft\" src=\"https:\/\/transformativecities.org\/wp-content\/uploads\/2019\/09\/Agnes-Midi-Keita-.jpeg\" alt=\"\" width=\"225\" height=\"225\" srcset=\"https:\/\/transformativecities.org\/wp-content\/uploads\/2019\/09\/Agnes-Midi-Keita--150x150.jpeg 150w, https:\/\/transformativecities.org\/wp-content\/uploads\/2019\/09\/Agnes-Midi-Keita-.jpeg 225w\" sizes=\"(max-width: 225px) 100vw, 225px\" \/>Bas\u00e9 \u00e0 Nairobi, <strong>Agnes Midi-Keita<\/strong> est le chef de projet international du projet et de la campagne multinationale \"Des villes s\u00fbres pour les femmes\" d'ActionAid, qui travaille avec des femmes de la base et des partenaires dans le monde entier pour faire campagne et pression sur les gouvernements afin de combattre la violence contre les femmes, de promouvoir les droits des femmes et d'am\u00e9liorer l'acc\u00e8s \u00e0 la justice et aux services publics sensibles au genre. Avant de rejoindre ActionAid, elle \u00e9tait directrice r\u00e9gionale de Marie Stopes International - Kenya, charg\u00e9e de promouvoir la sant\u00e9 et les droits sexuels et reproductifs des femmes dans la province c\u00f4ti\u00e8re du Kenya. Agnes est \u00e9tudiante en troisi\u00e8me cycle en sant\u00e9 publique et politique de sant\u00e9 \u00e0 la St. Georges Medical School, \u00e0 la Grenade, et est titulaire d'un dipl\u00f4me de premier cycle en sociologie de l'Universit\u00e9 d'Alberta, au Canada.<\/p>\n<\/div><div class=\"fusion-text fusion-text-11 bio\"><p><img decoding=\"async\" class=\"wp-image-3427 alignleft\" src=\"https:\/\/transformativecities.org\/wp-content\/uploads\/2019\/09\/lorena_zarate.jpg\" alt=\"\" width=\"209\" height=\"209\" srcset=\"https:\/\/transformativecities.org\/wp-content\/uploads\/2019\/09\/lorena_zarate-150x150.jpg 150w, https:\/\/transformativecities.org\/wp-content\/uploads\/2019\/09\/lorena_zarate-300x300.jpg 300w, https:\/\/transformativecities.org\/wp-content\/uploads\/2019\/09\/lorena_zarate.jpg 400w\" sizes=\"(max-width: 209px) 100vw, 209px\" \/><strong>Lorena Z\u00e1rate<\/strong> est actuellement pr\u00e9sident de la Coalition internationale Habitat (HIC). Elle a \u00e9t\u00e9 coordinatrice r\u00e9gionale du bureau HIC-Am\u00e9rique latine de 2003 \u00e0 2011. Elle a particip\u00e9 \u00e0 l'\u00e9laboration et \u00e0 la diffusion de la Charte mondiale du droit \u00e0 la ville, au processus de consultation pour d\u00e9finir le programme des droits de l'homme de Mexico, et au Comit\u00e9 de promotion pour l'\u00e9laboration de la Charte du droit \u00e0 la ville de Mexico. Au niveau international, elle a travaill\u00e9 en \u00e9troite collaboration avec le rapporteur sp\u00e9cial des Nations unies sur le droit \u00e0 un logement convenable et le Haut-Commissariat des Nations unies aux droits de l'homme. Elle a publi\u00e9 des livres et des articles sur des questions li\u00e9es au droit au logement, \u00e0 la production et \u00e0 la gestion sociales de l'habitat et au droit \u00e0 la ville. En 2013, elle a re\u00e7u le prix John Bousfield du programme de g\u00e9ographie et d'urbanisme de l'Universit\u00e9 de Toronto.<\/p>\n<\/div><div class=\"fusion-text fusion-text-12 bio\"><p><img decoding=\"async\" class=\"wp-image-3429 alignleft\" src=\"https:\/\/transformativecities.org\/wp-content\/uploads\/2019\/09\/marcela-Olivera.jpg\" alt=\"\" width=\"237\" height=\"158\" srcset=\"https:\/\/transformativecities.org\/wp-content\/uploads\/2019\/09\/marcela-Olivera-300x200.jpg 300w, https:\/\/transformativecities.org\/wp-content\/uploads\/2019\/09\/marcela-Olivera-768x512.jpg 768w, https:\/\/transformativecities.org\/wp-content\/uploads\/2019\/09\/marcela-Olivera.jpg 800w\" sizes=\"(max-width: 237px) 100vw, 237px\" \/><strong>Marcela Olivera <\/strong><b><\/b>est un organisateur de water commons bas\u00e9 \u00e0 Cochabamba, en Bolivie.\u00a0 Depuis 2004, elle d\u00e9veloppe et consolide un r\u00e9seau interam\u00e9ricain de citoyens sur la justice en mati\u00e8re d'eau appel\u00e9 Red VIDA. Elle si\u00e8ge au comit\u00e9 de coordination de la Plateforme pour les partenariats publics et communautaires de The America (PAPC). Depuis 2019, elle travaille comme coordinatrice r\u00e9gionale du projet Plan\u00e8te bleue.<\/p>\n<\/div><div class=\"fusion-text fusion-text-13 bio\"><p><img decoding=\"async\" class=\"wp-image-3425 alignleft\" src=\"https:\/\/transformativecities.org\/wp-content\/uploads\/2019\/09\/Iva-Marcetic-1024x640.jpg\" alt=\"\" width=\"273\" height=\"171\" srcset=\"https:\/\/transformativecities.org\/wp-content\/uploads\/2019\/09\/Iva-Marcetic-300x188.jpg 300w, https:\/\/transformativecities.org\/wp-content\/uploads\/2019\/09\/Iva-Marcetic-768x480.jpg 768w, https:\/\/transformativecities.org\/wp-content\/uploads\/2019\/09\/Iva-Marcetic-1024x640.jpg 1024w, https:\/\/transformativecities.org\/wp-content\/uploads\/2019\/09\/Iva-Marcetic.jpg 1200w\" sizes=\"(max-width: 273px) 100vw, 273px\" \/><strong>Iva Mar\u010deti\u0107<\/strong> est n\u00e9 \u00e0 Banja Luka en Bosnie-Herz\u00e9govine en 1982. Elle est titulaire d'une ma\u00eetrise en architecture et en urbanisme de l'\u00e9cole d'architecture de l'universit\u00e9 de Zagreb. En tant qu'architecte, elle s'int\u00e9resse \u00e0 la cr\u00e9ation de r\u00e9seaux entre les activistes, les urbanistes et les initiatives de base dans un effort pour d\u00e9mocratiser le processus de planification et modifier le r\u00e9cit produit dans les \u00e9coles, les institutions et la pratique de l'architecture qui m\u00e8ne \u00e0 la commercialisation de l'espace public et des infrastructures et \u00e0 l'embourgeoisement des villes. Elle est l'un des membres fondateurs de la coop\u00e9rative pour la pratique et la recherche architecturale Open Architecture. Au cours des quinze derni\u00e8res ann\u00e9es, elle a fait partie des collectifs et des mouvements militants qui luttent contre la privatisation des biens et des ressources publiques en Croatie et dans d'autres pays de l'ex-Yougoslavie. Elle a fait partie du collectif Pulska grupa qui a repr\u00e9sent\u00e9 la Croatie \u00e0 la treizi\u00e8me biennale d'architecture de Venise et a \u00e9t\u00e9 boursi\u00e8re de l'Akademie Schloss Solitude \u00e0 Stuttgart. Iva travaille \u00e0 Right to the city, \u00e0 Zagreb, en tant qu'organisatrice communautaire et chercheuse dans le domaine du logement et de l'urbanisme. Elle est l'une des fondatrices de la plateforme municipale Zagreb je NA\u0160 et a coordonn\u00e9 ses groupes de quartier. Elle vit \u00e0 Zagreb, en Croatie.<\/p>\n<\/div><div class=\"fusion-text fusion-text-14 bio\"><p><img decoding=\"async\" class=\"wp-image-3426 alignleft\" src=\"https:\/\/transformativecities.org\/wp-content\/uploads\/2019\/09\/LaviniaSteinfortBio.png\" alt=\"\" width=\"194\" height=\"193\" srcset=\"https:\/\/transformativecities.org\/wp-content\/uploads\/2019\/09\/LaviniaSteinfortBio-150x150.png 150w, https:\/\/transformativecities.org\/wp-content\/uploads\/2019\/09\/LaviniaSteinfortBio-300x300.png 300w, https:\/\/transformativecities.org\/wp-content\/uploads\/2019\/09\/LaviniaSteinfortBio-660x660.png 660w, https:\/\/transformativecities.org\/wp-content\/uploads\/2019\/09\/LaviniaSteinfortBio.png 725w\" sizes=\"(max-width: 194px) 100vw, 194px\" \/><strong>Lavinia Steinfort <\/strong>est une g\u00e9ographe critique et une activiste politique. En tant que chercheuse au Transnational Institute (TNI), elle travaille sur des alternatives publiques telles que la (re)municipalisation des services publics, une transition juste vers la d\u00e9mocratie \u00e9nerg\u00e9tique et la transformation des finances pour les 99%. Elle est co-auteur du rapport One Treaty to rule them all about the Energy Charter Treaty et a \u00e9crit le chapitre \"Les 835 raisons de ne pas signer d'accords de commerce et d'investissement\" pour le livre <em>Reclaiming Public Services<\/em>Lavinia a \u00e9galement publi\u00e9 l'article <em>Communal Performativity \u2013 A Seed for Change<\/em> sur la solidarit\u00e9 des mouvements sociaux de Thessalonique dans les diverses luttes contre le n\u00e9olib\u00e9ralisme (Antipode, 2017).<\/p>\n<\/div><div class=\"fusion-text fusion-text-15 bio\"><p><img decoding=\"async\" class=\"wp-image-3424 alignleft\" src=\"https:\/\/transformativecities.org\/wp-content\/uploads\/2019\/09\/Flor-Avelino-1024x684.jpg\" alt=\"\" width=\"253\" height=\"169\" srcset=\"https:\/\/transformativecities.org\/wp-content\/uploads\/2019\/09\/Flor-Avelino-300x200.jpg 300w, https:\/\/transformativecities.org\/wp-content\/uploads\/2019\/09\/Flor-Avelino-768x513.jpg 768w, https:\/\/transformativecities.org\/wp-content\/uploads\/2019\/09\/Flor-Avelino-1024x684.jpg 1024w\" sizes=\"(max-width: 253px) 100vw, 253px\" \/>En tant que coordinateur scientifique du projet TRANSIT <strong>Flor Avelino<\/strong> a \u00e9t\u00e9 l'un des initiateurs du Manifeste pour l'innovation sociale transformatrice. En tant que directeur acad\u00e9mique de la Transition Academy, Flor s'efforce de co-cr\u00e9er de nouveaux environnements d'apprentissage pour inciter les gens \u00e0 penser et \u00e0 agir en vue d'un changement radical et transformateur.<\/p>\n<\/div><div class=\"fusion-text fusion-text-16 bio\"><p><img decoding=\"async\" class=\"wp-image-3428 alignleft\" src=\"https:\/\/transformativecities.org\/wp-content\/uploads\/2019\/09\/Mabel_Thwaites_Rey.jpg\" alt=\"\" width=\"205\" height=\"205\" srcset=\"https:\/\/transformativecities.org\/wp-content\/uploads\/2019\/09\/Mabel_Thwaites_Rey-150x150.jpg 150w, https:\/\/transformativecities.org\/wp-content\/uploads\/2019\/09\/Mabel_Thwaites_Rey-300x300.jpg 300w, https:\/\/transformativecities.org\/wp-content\/uploads\/2019\/09\/Mabel_Thwaites_Rey.jpg 512w\" sizes=\"(max-width: 205px) 100vw, 205px\" \/><strong>Mabel Thwaites Rey<\/strong> dirige le projet de recherche d'UBACyT \"\u00c9tat et d\u00e9veloppement\". Le cas argentin dans une perspective latino-am\u00e9ricaine\", qui maintient les projets \"L'\u00c9tat argentin apr\u00e8s la crise de 2001 : rupture ou continuit\u00e9 avec le n\u00e9olib\u00e9ralisme ?\" et \"Nouveaux (et anciens) dilemmes de l'\u00c9tat en Am\u00e9rique latine\", tous bas\u00e9s \u00e0 l'Institut d'\u00e9tudes latino-am\u00e9ricaines et carib\u00e9ennes, IEALC. Auteur et co-auteur de nombreuses publications dans des livres et magazines nationaux et \u00e9trangers sur des sujets li\u00e9s aux probl\u00e8mes th\u00e9oriques de l'\u00c9tat, \u00e0 la r\u00e9forme de l'\u00c9tat et aux privatisations en Argentine et en Am\u00e9rique latine.<\/p>\n<\/div><\/div><\/div><\/div><\/div><\/p>","protected":false},"excerpt":{"rendered":"","protected":false},"author":6,"featured_media":0,"parent":3599,"menu_order":15,"comment_status":"closed","ping_status":"closed","template":"","meta":{"_acf_changed":false,"wp_mapbox_gl_js_media":[],"_monsterinsights_skip_tracking":false,"_monsterinsights_sitenote_active":false,"_monsterinsights_sitenote_note":"","_monsterinsights_sitenote_category":0,"footnotes":""},"class_list":["post-2744","page","type-page","status-publish","hentry"],"acf":[],"yoast_head":"<!-- This site is optimized with the Yoast SEO plugin v27.4 - https:\/\/yoast.com\/product\/yoast-seo-wordpress\/ -->\n<title>Evaluators Team 2019 - Transformative Cities<\/title>\n<meta name=\"description\" content=\"Supporting local communities advancing solutions to ensure access to fundamental rights in the areas of water, energy, housing and food.\" \/>\n<meta name=\"robots\" content=\"index, follow, max-snippet:-1, max-image-preview:large, max-video-preview:-1\" \/>\n<link rel=\"canonical\" href=\"https:\/\/transformativecities.org\/fr\/prixdupublic2019\/evaluateurs\/\" \/>\n<meta property=\"og:locale\" content=\"fr_FR\" \/>\n<meta property=\"og:type\" content=\"article\" \/>\n<meta property=\"og:title\" content=\"Evaluators Team 2019 - Transformative Cities\" \/>\n<meta property=\"og:description\" content=\"Supporting local communities advancing solutions to ensure access to fundamental rights in the areas of water, energy, housing and food.\" \/>\n<meta property=\"og:url\" content=\"https:\/\/transformativecities.org\/fr\/prixdupublic2019\/evaluateurs\/\" \/>\n<meta property=\"og:site_name\" content=\"Transformative Cities\" \/>\n<meta property=\"article:modified_time\" content=\"2020-12-01T02:38:44+00:00\" \/>\n<meta property=\"og:image\" content=\"https:\/\/transformativecities.org\/wp-content\/uploads\/2019\/09\/Erick-Gonzalo-Palomares-Rodr\u00edguez-.jpeg\" \/>\n<meta name=\"twitter:card\" content=\"summary_large_image\" \/>\n<meta name=\"twitter:label1\" content=\"Est. reading time\" \/>\n\t<meta name=\"twitter:data1\" content=\"22 minutes\" \/>\n<script type=\"application\/ld+json\" class=\"yoast-schema-graph\">{\"@context\":\"https:\\\/\\\/schema.org\",\"@graph\":[{\"@type\":\"WebPage\",\"@id\":\"https:\\\/\\\/transformativecities.org\\\/es\\\/premio2019\\\/evaluadores2019\\\/\",\"url\":\"https:\\\/\\\/transformativecities.org\\\/es\\\/premio2019\\\/evaluadores2019\\\/\",\"name\":\"Evaluators Team 2019 - Transformative Cities\",\"isPartOf\":{\"@id\":\"https:\\\/\\\/transformativecities.org\\\/#website\"},\"primaryImageOfPage\":{\"@id\":\"https:\\\/\\\/transformativecities.org\\\/es\\\/premio2019\\\/evaluadores2019\\\/#primaryimage\"},\"image\":{\"@id\":\"https:\\\/\\\/transformativecities.org\\\/es\\\/premio2019\\\/evaluadores2019\\\/#primaryimage\"},\"thumbnailUrl\":\"https:\\\/\\\/transformativecities.org\\\/wp-content\\\/uploads\\\/2019\\\/09\\\/Meena-Menon-1.jpg\",\"datePublished\":\"2019-06-19T13:55:25+00:00\",\"dateModified\":\"2020-12-01T02:38:44+00:00\",\"description\":\"Supporting local communities advancing solutions to ensure access to fundamental rights in the areas of water, energy, housing and food.\",\"breadcrumb\":{\"@id\":\"https:\\\/\\\/transformativecities.org\\\/es\\\/premio2019\\\/evaluadores2019\\\/#breadcrumb\"},\"inLanguage\":\"fr-FR\",\"potentialAction\":[{\"@type\":\"ReadAction\",\"target\":[\"https:\\\/\\\/transformativecities.org\\\/es\\\/premio2019\\\/evaluadores2019\\\/\"]}]},{\"@type\":\"ImageObject\",\"inLanguage\":\"fr-FR\",\"@id\":\"https:\\\/\\\/transformativecities.org\\\/es\\\/premio2019\\\/evaluadores2019\\\/#primaryimage\",\"url\":\"https:\\\/\\\/transformativecities.org\\\/wp-content\\\/uploads\\\/2019\\\/09\\\/Meena-Menon-1.jpg\",\"contentUrl\":\"https:\\\/\\\/transformativecities.org\\\/wp-content\\\/uploads\\\/2019\\\/09\\\/Meena-Menon-1.jpg\"},{\"@type\":\"BreadcrumbList\",\"@id\":\"https:\\\/\\\/transformativecities.org\\\/es\\\/premio2019\\\/evaluadores2019\\\/#breadcrumb\",\"itemListElement\":[{\"@type\":\"ListItem\",\"position\":1,\"name\":\"Home\",\"item\":\"https:\\\/\\\/transformativecities.org\\\/\"},{\"@type\":\"ListItem\",\"position\":2,\"name\":\"2019 Peoples&#8217; Choice Award\",\"item\":\"https:\\\/\\\/transformativecities.org\\\/es\\\/premio2019\\\/\"},{\"@type\":\"ListItem\",\"position\":3,\"name\":\"Evaluators Team 2019\"}]},{\"@type\":\"WebSite\",\"@id\":\"https:\\\/\\\/transformativecities.org\\\/#website\",\"url\":\"https:\\\/\\\/transformativecities.org\\\/\",\"name\":\"Transformative Cities\",\"description\":\"Another world is possible\",\"potentialAction\":[{\"@type\":\"SearchAction\",\"target\":{\"@type\":\"EntryPoint\",\"urlTemplate\":\"https:\\\/\\\/transformativecities.org\\\/?s={search_term_string}\"},\"query-input\":{\"@type\":\"PropertyValueSpecification\",\"valueRequired\":true,\"valueName\":\"search_term_string\"}}],\"inLanguage\":\"fr-FR\"}]}<\/script>\n<!-- \/ Yoast SEO plugin. -->","yoast_head_json":{"title":"Evaluators Team 2019 - Transformative Cities","description":"Soutenir les communaut\u00e9s locales qui proposent des solutions pour garantir l'acc\u00e8s aux droits fondamentaux dans les domaines de l'eau, de l'\u00e9nergie, du logement et de l'alimentation.","robots":{"index":"index","follow":"follow","max-snippet":"max-snippet:-1","max-image-preview":"max-image-preview:large","max-video-preview":"max-video-preview:-1"},"canonical":"https:\/\/transformativecities.org\/fr\/prixdupublic2019\/evaluateurs\/","og_locale":"fr_FR","og_type":"article","og_title":"Evaluators Team 2019 - Transformative Cities","og_description":"Supporting local communities advancing solutions to ensure access to fundamental rights in the areas of water, energy, housing and food.","og_url":"https:\/\/transformativecities.org\/fr\/prixdupublic2019\/evaluateurs\/","og_site_name":"Transformative Cities","article_modified_time":"2020-12-01T02:38:44+00:00","og_image":[{"url":"https:\/\/transformativecities.org\/wp-content\/uploads\/2019\/09\/Erick-Gonzalo-Palomares-Rodr\u00edguez-.jpeg","type":"","width":"","height":""}],"twitter_card":"summary_large_image","twitter_misc":{"Est. reading time":"22 minutes"},"schema":{"@context":"https:\/\/schema.org","@graph":[{"@type":"WebPage","@id":"https:\/\/transformativecities.org\/es\/premio2019\/evaluadores2019\/","url":"https:\/\/transformativecities.org\/es\/premio2019\/evaluadores2019\/","name":"Evaluators Team 2019 - Transformative Cities","isPartOf":{"@id":"https:\/\/transformativecities.org\/#website"},"primaryImageOfPage":{"@id":"https:\/\/transformativecities.org\/es\/premio2019\/evaluadores2019\/#primaryimage"},"image":{"@id":"https:\/\/transformativecities.org\/es\/premio2019\/evaluadores2019\/#primaryimage"},"thumbnailUrl":"https:\/\/transformativecities.org\/wp-content\/uploads\/2019\/09\/Meena-Menon-1.jpg","datePublished":"2019-06-19T13:55:25+00:00","dateModified":"2020-12-01T02:38:44+00:00","description":"Soutenir les communaut\u00e9s locales qui proposent des solutions pour garantir l'acc\u00e8s aux droits fondamentaux dans les domaines de l'eau, de l'\u00e9nergie, du logement et de l'alimentation.","breadcrumb":{"@id":"https:\/\/transformativecities.org\/es\/premio2019\/evaluadores2019\/#breadcrumb"},"inLanguage":"fr-FR","potentialAction":[{"@type":"ReadAction","target":["https:\/\/transformativecities.org\/es\/premio2019\/evaluadores2019\/"]}]},{"@type":"ImageObject","inLanguage":"fr-FR","@id":"https:\/\/transformativecities.org\/es\/premio2019\/evaluadores2019\/#primaryimage","url":"https:\/\/transformativecities.org\/wp-content\/uploads\/2019\/09\/Meena-Menon-1.jpg","contentUrl":"https:\/\/transformativecities.org\/wp-content\/uploads\/2019\/09\/Meena-Menon-1.jpg"},{"@type":"BreadcrumbList","@id":"https:\/\/transformativecities.org\/es\/premio2019\/evaluadores2019\/#breadcrumb","itemListElement":[{"@type":"ListItem","position":1,"name":"Home","item":"https:\/\/transformativecities.org\/"},{"@type":"ListItem","position":2,"name":"2019 Peoples&#8217; Choice Award","item":"https:\/\/transformativecities.org\/es\/premio2019\/"},{"@type":"ListItem","position":3,"name":"Evaluators Team 2019"}]},{"@type":"WebSite","@id":"https:\/\/transformativecities.org\/#website","url":"https:\/\/transformativecities.org\/","name":"Villes Transformatrices","description":"Another world is possible","potentialAction":[{"@type":"SearchAction","target":{"@type":"EntryPoint","urlTemplate":"https:\/\/transformativecities.org\/?s={search_term_string}"},"query-input":{"@type":"PropertyValueSpecification","valueRequired":true,"valueName":"search_term_string"}}],"inLanguage":"fr-FR"}]}},"_links":{"self":[{"href":"https:\/\/transformativecities.org\/fr\/wp-json\/wp\/v2\/pages\/2744","targetHints":{"allow":["GET"]}}],"collection":[{"href":"https:\/\/transformativecities.org\/fr\/wp-json\/wp\/v2\/pages"}],"about":[{"href":"https:\/\/transformativecities.org\/fr\/wp-json\/wp\/v2\/types\/page"}],"author":[{"embeddable":true,"href":"https:\/\/transformativecities.org\/fr\/wp-json\/wp\/v2\/users\/6"}],"replies":[{"embeddable":true,"href":"https:\/\/transformativecities.org\/fr\/wp-json\/wp\/v2\/comments?post=2744"}],"version-history":[{"count":10,"href":"https:\/\/transformativecities.org\/fr\/wp-json\/wp\/v2\/pages\/2744\/revisions"}],"predecessor-version":[{"id":5749,"href":"https:\/\/transformativecities.org\/fr\/wp-json\/wp\/v2\/pages\/2744\/revisions\/5749"}],"up":[{"embeddable":true,"href":"https:\/\/transformativecities.org\/fr\/wp-json\/wp\/v2\/pages\/3599"}],"wp:attachment":[{"href":"https:\/\/transformativecities.org\/fr\/wp-json\/wp\/v2\/media?parent=2744"}],"curies":[{"name":"wp","href":"https:\/\/api.w.org\/{rel}","templated":true}]}}